{"id":32,"date":"2017-04-09T12:39:43","date_gmt":"2017-04-09T12:39:43","guid":{"rendered":"https:\/\/www.lereveil.lu\/v7\/?page_id=32"},"modified":"2025-09-20T11:43:07","modified_gmt":"2025-09-20T09:43:07","slug":"gymnastique","status":"publish","type":"page","link":"https:\/\/www.lereveil.lu\/v7\/gymnastique\/","title":{"rendered":"Gymnastique"},"content":{"rendered":"\t\t<div data-elementor-type=\"wp-page\" data-elementor-id=\"32\" class=\"elementor elementor-32\" data-elementor-post-type=\"page\">\n\t\t\t\t\t\t<section class=\"elementor-section elementor-top-section elementor-element elementor-element-18191575 elementor-section-boxed elementor-section-height-default elementor-section-height-default\" data-id=\"18191575\" data-element_type=\"section\" data-e-type=\"section\">\n\t\t\t\t\t\t<div class=\"elementor-container elementor-column-gap-default\">\n\t\t\t\t\t<div class=\"elementor-column elementor-col-100 elementor-top-column elementor-element elementor-element-35fdd78d\" data-id=\"35fdd78d\" data-element_type=\"column\" data-e-type=\"column\">\n\t\t\t<div class=\"elementor-widget-wrap elementor-element-populated\">\n\t\t\t\t\t\t<div class=\"elementor-element elementor-element-485e5784 elementor-widget elementor-widget-text-editor\" data-id=\"485e5784\" data-element_type=\"widget\" data-e-type=\"widget\" data-widget_type=\"text-editor.default\">\n\t\t\t\t<div class=\"elementor-widget-container\">\n\t\t\t\t\t\t\t\t\t<h1>Saison 2025\/2026<\/h1><div><div>Le d\u00e9but des cours se fait \u00e0 partir du <strong>15 septembre 2025<\/strong>.<br \/>Les inscriptions se feront par email sur <a href=\"https:\/\/www.lereveil.lu\/v7\/contact\/\">https:\/\/www.lereveil.lu\/v7\/contact\/<\/a>\u00a0et seront limit\u00e9es.<\/div><div>Suite \u00e0 l&#8217;inscription, un responsable de la section vous contactera.<\/div><div>Pour les sections compl\u00e8tes, des listes d&#8217;attentes sont mises en place.<\/div><\/div><div><div class=\"entry-content\"><p>Pour d\u2019\u00e9ventuelles adaptations, veuillez consulter notre site internet r\u00e9guli\u00e8rement.<\/p><\/div><\/div><p>\n<table id=\"tablepress-3\" class=\"tablepress tablepress-id-3\">\n<thead>\n<tr class=\"row-1\">\n\t<th class=\"column-1\">Sections d\u00e9butantes<\/th><th class=\"column-2\">\u00c2ge<\/th><th class=\"column-3\">Jour<\/th><th class=\"column-4\">Horaire<\/th><th class=\"column-5\">Salle<\/th><th class=\"column-6\">Cotisation<\/th>\n<\/tr>\n<\/thead>\n<tbody class=\"row-striping row-hover\">\n<tr class=\"row-2\">\n\t<td class=\"column-1\">Parents et B\u00e9b\u00e9 (<b>complet<\/b>)<\/td><td class=\"column-2\">18 mois \u00e0 3 ans<\/td><td class=\"column-3\">Mercredi<\/td><td class=\"column-4\">09:30 &#8211; 10:45<\/td><td class=\"column-5\">SG<\/td><td class=\"column-6\">130\u20ac<\/td>\n<\/tr>\n<tr class=\"row-3\">\n\t<td class=\"column-1\">Butzenturnen (<b>complet<\/b>)<\/td><td class=\"column-2\">01.09.2021 &#8211; 31.08.2022<\/td><td class=\"column-3\">Samedi<\/td><td class=\"column-4\">10:00 &#8211; 11:30<\/td><td class=\"column-5\">Hall 1<\/td><td class=\"column-6\">130\u20ac<\/td>\n<\/tr>\n<tr class=\"row-4\">\n\t<td class=\"column-1\">Loisirs Pr\u00e9scolaires (<b>complet<\/b>)<\/td><td class=\"column-2\">01.09.2019 &#8211; 31.08.2021<\/td><td class=\"column-3\">Samedi<\/td><td class=\"column-4\">10:00 &#8211; 11:30<\/td><td class=\"column-5\">Hall 1<\/td><td class=\"column-6\">130\u20ac<\/td>\n<\/tr>\n<tr class=\"row-5\">\n\t<td class=\"column-1\">Loisirs Primaires Minis (<b>complet<\/b>)<\/td><td class=\"column-2\">01.01.2017 &#8211; 31.08.2019<\/td><td class=\"column-3\">Lundi<\/td><td class=\"column-4\">17:00 &#8211; 19:00<\/td><td class=\"column-5\">Hall 1<\/td><td class=\"column-6\">130\u20ac<\/td>\n<\/tr>\n<tr class=\"row-6\">\n\t<td class=\"column-1\">Loisirs Primaires Espoirs (<b>complet<\/b>)<\/td><td class=\"column-2\">2012 &#8211; 2016<\/td><td class=\"column-3\">Lundi<\/td><td class=\"column-4\">17:00 &#8211; 19:00<\/td><td class=\"column-5\">Hall 1<\/td><td class=\"column-6\">130\u20ac<\/td>\n<\/tr>\n<\/tbody>\n<\/table>\n<!-- #tablepress-3 from cache --><\/p><p>Pour les sections de comp\u00e9tition, les gymnastes seront s\u00e9lectionn\u00e9s par les entra\u00eeneurs responsables dans les sections d\u00e9butantes, telles que Loisirs Pr\u00e9scolaires et Loisirs Primaires.<\/p><p>\n<table id=\"tablepress-4\" class=\"tablepress tablepress-id-4\">\n<thead>\n<tr class=\"row-1\">\n\t<th class=\"column-1\">Sections de comp\u00e9titions<br \/>\nmasculins et f\u00e9minins<\/th><th class=\"column-2\">\u00c2ge<\/th><td class=\"column-3\"><\/td><th class=\"column-4\">Cotisation*<\/th>\n<\/tr>\n<\/thead>\n<tbody class=\"row-striping row-hover\">\n<tr class=\"row-2\">\n\t<td class=\"column-1\">Minis C<\/td><td class=\"column-2\">2017 et apr\u00e8s<\/td><td class=\"column-3\">2x par semaine<\/td><td class=\"column-4\">180\u20ac<\/td>\n<\/tr>\n<tr class=\"row-3\">\n\t<td class=\"column-1\">Minis B<\/td><td class=\"column-2\">2017 et apr\u00e8s<\/td><td class=\"column-3\">3x par semaine<\/td><td class=\"column-4\">250\u20ac<\/td>\n<\/tr>\n<tr class=\"row-4\">\n\t<td class=\"column-1\">Minis A<\/td><td class=\"column-2\">2017 et apr\u00e8s<\/td><td class=\"column-3\">>3x par semaine<\/td><td class=\"column-4\">600\u20ac<\/td>\n<\/tr>\n<tr class=\"row-5\">\n\t<td class=\"column-1\">Espoirs C<\/td><td class=\"column-2\">2012 &#8211; 2016<\/td><td class=\"column-3\">2x par semaine<\/td><td class=\"column-4\">180\u20ac<\/td>\n<\/tr>\n<tr class=\"row-6\">\n\t<td class=\"column-1\">Espoirs B<\/td><td class=\"column-2\">2012 &#8211; 2016<\/td><td class=\"column-3\">3x par semaine<\/td><td class=\"column-4\">250\u20ac<\/td>\n<\/tr>\n<tr class=\"row-7\">\n\t<td class=\"column-1\">Espoirs A<\/td><td class=\"column-2\">2012 &#8211; 2016<\/td><td class=\"column-3\">>3x par semaine<\/td><td class=\"column-4\">600\u20ac<\/td>\n<\/tr>\n<tr class=\"row-8\">\n\t<td class=\"column-1\">Adultes C<\/td><td class=\"column-2\">2011 et avant<\/td><td class=\"column-3\">2x par semaine<\/td><td class=\"column-4\">180\u20ac<\/td>\n<\/tr>\n<tr class=\"row-9\">\n\t<td class=\"column-1\">Adultes B<\/td><td class=\"column-2\">2011 et avant<\/td><td class=\"column-3\">3x par semaine<\/td><td class=\"column-4\">250\u20ac<\/td>\n<\/tr>\n<tr class=\"row-10\">\n\t<td class=\"column-1\">Adultes A<\/td><td class=\"column-2\">2011 et avant<\/td><td class=\"column-3\">>3x par semaine<\/td><td class=\"column-4\">600\u20ac<\/td>\n<\/tr>\n<tr class=\"row-11\">\n\t<td class=\"column-1\">Masters<\/td><td class=\"column-2\">2000 et avant<\/td><td class=\"column-3\">tous les vendredis<\/td><td class=\"column-4\">130\u20ac<\/td>\n<\/tr>\n<\/tbody>\n<\/table>\n<!-- #tablepress-4 from cache --><\/p>\t\t\t\t\t\t\t\t<\/div>\n\t\t\t\t<\/div>\n\t\t\t\t\t<\/div>\n\t\t<\/div>\n\t\t\t\t\t<\/div>\n\t\t<\/section>\n\t\t\t\t<\/div>\n\t\t","protected":false},"excerpt":{"rendered":"<p>Saison 2025\/2026 Le d\u00e9but des cours se fait \u00e0 partir du 15 septembre 2025.Les inscriptions se feront par email sur https:\/\/www.lereveil.lu\/v7\/contact\/\u00a0et seront limit\u00e9es.Suite \u00e0 l&#8217;inscription, un responsable de la section vous contactera.Pour les sections compl\u00e8tes, des listes d&#8217;attentes sont mises en place. Pour d\u2019\u00e9ventuelles adaptations, veuillez consulter notre site internet r\u00e9guli\u00e8rement. Pour les sections de&hellip;&nbsp;<a href=\"https:\/\/www.lereveil.lu\/v7\/gymnastique\/\" rel=\"bookmark\"><span class=\"screen-reader-text\">Gymnastique<\/span><\/a><\/p>\n","protected":false},"author":1,"featured_media":0,"parent":0,"menu_order":0,"comment_status":"closed","ping_status":"closed","template":"","meta":{"neve_meta_sidebar":"","neve_meta_container":"","neve_meta_enable_content_width":"","neve_meta_content_width":0,"neve_meta_title_alignment":"","neve_meta_author_avatar":"","neve_post_elements_order":"","neve_meta_disable_header":"","neve_meta_disable_footer":"","neve_meta_disable_title":"","footnotes":""},"class_list":["post-32","page","type-page","status-publish","hentry"],"_links":{"self":[{"href":"https:\/\/www.lereveil.lu\/v7\/wp-json\/wp\/v2\/pages\/32","targetHints":{"allow":["GET"]}}],"collection":[{"href":"https:\/\/www.lereveil.lu\/v7\/wp-json\/wp\/v2\/pages"}],"about":[{"href":"https:\/\/www.lereveil.lu\/v7\/wp-json\/wp\/v2\/types\/page"}],"author":[{"embeddable":true,"href":"https:\/\/www.lereveil.lu\/v7\/wp-json\/wp\/v2\/users\/1"}],"replies":[{"embeddable":true,"href":"https:\/\/www.lereveil.lu\/v7\/wp-json\/wp\/v2\/comments?post=32"}],"version-history":[{"count":36,"href":"https:\/\/www.lereveil.lu\/v7\/wp-json\/wp\/v2\/pages\/32\/revisions"}],"predecessor-version":[{"id":6713,"href":"https:\/\/www.lereveil.lu\/v7\/wp-json\/wp\/v2\/pages\/32\/revisions\/6713"}],"wp:attachment":[{"href":"https:\/\/www.lereveil.lu\/v7\/wp-json\/wp\/v2\/media?parent=32"}],"curies":[{"name":"wp","href":"https:\/\/api.w.org\/{rel}","templated":true}]}}